{"version":"1.0","provider_name":"BabaNapl\u00f3","provider_url":"https:\/\/writefromheart.cafeblog.hu","author_name":"Jane T","author_url":"https:\/\/writefromheart.cafeblog.hu\/author\/jane_t\/","title":"Lipstick, Lipgloss, Glitz&amp;Glam :)","html":"<p style=\"color: #717171\">Ma \u00fagy d\u00f6nt\u00f6ttem rendbe rakom az \u00f6sszes sz\u00e1jf\u00e9nyem, \u00e9s r\u00fazsom, mert csak be voltak h\u00e1nyva egy dobozba, egybe a szemh\u00e9jp\u00faderekkel. Na, most k\u00fcl\u00f6nszedtem \u0151ket, \u00e9s k\u00f6zben \u00fagy hat\u00e1roztam, hogy akkor err\u0151l \u00edrom az els\u0151 bejegyz\u00e9st az Art&amp;Fashion r\u00e9szbe. :) Ahogy mondani szokt\u00e1k: Kellemest a hasznossal. :)<\/p>\r\n<p style=\"color: #717171\">Az a helyzet, hogy r\u00e9gebben csak sz\u00e1jf\u00e9nyeket haszn\u00e1ltam, itt kint Angli\u00e1ban kaptam r\u00e1 a r\u00fazsokra. Szerintem nagyon j\u00f3k, \u00e9s ha az ember a megfelel\u0151 sz\u00ednt v\u00e1lasztja, akkor t\u00f6k\u00e9letes outfit-et ad. P\u00e9ld\u00e1ul nekem s\u00f6t\u00e9t a hajam, majdnem fekete, \u00e9s ez\u00e9rt sz\u00edvesen haszn\u00e1lok piros r\u00fazst, mert j\u00f3l mutat. De ink\u00e1bb Pink-p\u00e1rti vagyok, illetve csak sz\u00e1jf\u00e9ny, abb\u00f3l is a csillog\u00f3s. :)<\/p>\r\n<p style=\"color: #717171\">Egy rossz szok\u00e1som van, hogy halmozom \u0151ket, \u00e9s van amit megveszek mert tetszik, de azt\u00e1n nem is haszn\u00e1lom. Az elkovetkezend\u0151 k\u00e9peken a gy\u0171jtem\u00e9nyemet l\u00e1thatj\u00e1tok, ennek negyed\u00e9t nem is haszn\u00e1ltam, ami kicsit szomor\u00fa. De h\u00e1t mindenkinek vannak kisebb-nagyobb h\u00f3bortjai... :)<\/p>\r\n<p style=\"color: #717171\">Sz\u00f3val most rendben vannak egy kis dobozk\u00e1ban, k\u00fcl\u00f6n pihennek a szemh\u00e9jp\u00faderekt\u0151l. :)<\/p>\r\n<p style=\"color: #717171\">H\u00e1t akkor most j\u00f6jjenek a k\u00e9pek:<\/p>\r\n<p style=\"color: #717171\"><img class=\"aligncenter\" src=\"https:\/\/writefromheart.cafeblog.hu\/files\/2014\/06\/photo-1-2.jpg\" alt=\"\" width=\"367\" height=\"275\" \/><\/p>\r\n<p style=\"color: #717171\"><em><strong>El\u0151sz\u00f6r a r\u00fazsokat mutatom:<\/strong><\/em><\/p>\r\n<p style=\"color: #717171\"><img class=\"aligncenter\" src=\"https:\/\/writefromheart.cafeblog.hu\/files\/2014\/06\/photo-2-1.jpg\" alt=\"\" width=\"308\" height=\"411\" \/><\/p>\r\n<p style=\"color: #717171\"><img class=\"aligncenter\" src=\"https:\/\/writefromheart.cafeblog.hu\/files\/2014\/06\/photo-3-1.jpg\" alt=\"\" width=\"298\" height=\"312\" \/><\/p>\r\n<p style=\"color: #717171\"><img class=\"aligncenter\" src=\"https:\/\/writefromheart.cafeblog.hu\/files\/2014\/06\/photo-2-2.jpg\" alt=\"\" width=\"260\" height=\"347\" \/><\/p>\r\n<p style=\"color: #717171\"><img class=\"alignright\" src=\"https:\/\/writefromheart.cafeblog.hu\/files\/2014\/06\/photo-4-1.jpg\" alt=\"\" width=\"314\" height=\"419\" \/><\/p>\r\n<p style=\"color: #717171\"><img src=\"https:\/\/writefromheart.cafeblog.hu\/files\/2014\/06\/photo-4.jpg\" alt=\"\" width=\"326\" height=\"435\" \/><\/p>\r\n<p style=\"color: #717171;text-align: center\"><em><strong>Most j\u00f6nnek a sz\u00e1jf\u00e9nyek:<\/strong><\/em><\/p>\r\n<p style=\"color: #717171\"><img class=\"aligncenter\" src=\"https:\/\/writefromheart.cafeblog.hu\/files\/2014\/06\/photo-1.jpg\" alt=\"\" width=\"259\" height=\"345\" \/><\/p>\r\n<p style=\"color: #717171\"><img class=\"aligncenter\" src=\"https:\/\/writefromheart.cafeblog.hu\/files\/2014\/06\/photo-2.jpg\" alt=\"\" width=\"308\" height=\"411\" \/><\/p>\r\n<p style=\"color: #717171\"><img class=\"aligncenter\" src=\"https:\/\/writefromheart.cafeblog.hu\/files\/2014\/06\/photo-3.jpg\" alt=\"\" width=\"302\" height=\"403\" \/><\/p>\r\n<p style=\"color: #717171\"><img class=\"aligncenter\" src=\"https:\/\/writefromheart.cafeblog.hu\/files\/2014\/06\/photo-5-1.jpg\" alt=\"\" width=\"266\" height=\"355\" \/><\/p>\r\n<p style=\"color: #717171;text-align: center\"><strong>Es \u00fajra egy\u00fctt :)<\/strong><\/p>\r\n<p style=\"color: #717171\"><img class=\"aligncenter\" src=\"https:\/\/writefromheart.cafeblog.hu\/files\/2014\/06\/photo-51.jpg\" alt=\"\" width=\"313\" height=\"235\" \/><\/p>","type":"rich","thumbnail_url":"https:\/\/writefromheart.cafeblog.hu\/files\/2014\/06\/photo-5-150x150.jpg","thumbnail_width":150,"thumbnail_height":150}