{"version":"1.0","provider_name":"BabaNapl\u00f3","provider_url":"https:\/\/writefromheart.cafeblog.hu","author_name":"Jane T","author_url":"https:\/\/writefromheart.cafeblog.hu\/author\/jane_t\/","title":"Bon Voyage (Part 2.)","html":"<strong>A nyaral\u00e1shoz term\u00e9szetesen j\u00f3 k\u00fcls\u0151 is kell, ezt mindenki tudja, l\u00e1nyok f\u0151leg. :) Sz\u00f3val ma d\u00e9lel\u0151tt sz\u00e9ps\u00e9gszalont csin\u00e1ltunk a nappalib\u00f3l, \u00e9s s\u00f3gorn\u0151m kifestette a k\u00f6rm\u00f6m, a l\u00e1bamon \u00e9s a kezemen is. De nem sima k\u00f6r\u00f6mlakkot haszn\u00e1lt, hanem shellac-ot, ami 2-3 h\u00e9tig fent marad, UV f\u00e9ny alatt kell sz\u00e1r\u00edtani. El\u0151sz\u00f6r van egy alap (base coat), azt\u00e1n a lakk k\u00e9t r\u00e9tegben, \u00e9s v\u00e9g\u00fcl a fed\u0151 lakk (top coat). Persze mindegyik r\u00e9teg ut\u00e1n UV al\u00e1 kell tenni.<\/strong>\r\n\r\n<strong><a href=\"https:\/\/writefromheart.cafeblog.hu\/files\/2014\/06\/photo-13.jpg\"><img class=\"wp-image-128 alignleft\" src=\"https:\/\/writefromheart.cafeblog.hu\/files\/2014\/06\/photo-13-225x300.jpg\" alt=\"photo 1\" width=\"189\" height=\"252\" \/><\/a><\/strong>\r\n\r\n<strong>A l\u00e9nyeg, hogy ma egy home-made sz\u00e9ps\u00e9gszalonban j\u00e1rtam, \u00e9s itt k\u00e9sz\u00fcltek a k\u00f6rmeim. A r\u00f3zsaszirom<a href=\"https:\/\/writefromheart.cafeblog.hu\/files\/2014\/06\/photo-2-12.jpg\"><img class=\"wp-image-129 alignright\" src=\"https:\/\/writefromheart.cafeblog.hu\/files\/2014\/06\/photo-2-12-225x300.jpg\" alt=\"photo 2 (1)\" width=\"172\" height=\"229\" \/><\/a> sz\u00ednt v\u00e1lasztottam, mert az szolid,csajos, \u00e9s sz\u00e9p sz\u00edn. Ez el\u0151tt, tal\u00e1n 1 h\u00f3napja (vagy 2), neonk\u00e9k volt a k\u00f6rm\u00f6m, nagyon durva volt. H\u00e1t csak aj\u00e1nlani tudom, hogy akik m\u00e9g nem pr\u00f3b\u00e1ltak ki mer\u00e9szebb szineket, azok tegy\u00e9k, mert nagyon j\u00f3k. \u00c9n is f\u00e9ltem, hogy \"h\u00fa\u00fa\u00fa de g\u00e1z, meg nagyon rik\u00edt\u00f3...stb\", de meg\u00e9ri kipr\u00f3b\u00e1lni, azt\u00e1n ha t\u00e9nyleg nem tetszik, akkor hagyj\u00e1tok. Senkire sem lehet r\u00e1er\u0151ltetni semmit. :)<\/strong>\r\n\r\n<strong>Mindenkinek megvan a saj\u00e1t \u00edzl\u00e9se, de ha kipr\u00f3b\u00e1lod, akkor lehet, hogy megtetszik, \u00e9s t\u00f6bbsz\u00f6r is olyanra fogod majd festeni a k\u00f6rm\u00f6d. Ezt a shellack technik\u00e1t meg csak aj\u00e1nlani tudom, mert sokkal jobb mint a sima k\u00f6r\u00f6mlakk, sokkal tov\u00e1bb fentmarad, nem kopik le hamar. Nekem pedig p\u00e9ld\u00e1ul fontos, hogy mindig sz\u00e9pek legyenek a k\u00f6rmeim, \u00e9s ne kelljen 3-4 naponta \u00fajra festegetnem, mert esetlegesen lekopik. Sz\u00f3val ide\u00e1lis. :)<\/strong>\r\n<p style=\"text-align: center\"><strong>Sz\u00e9p Napot Dr\u00e1g\u00e1k! :) :)<\/strong><\/p>\r\n<strong><a href=\"https:\/\/writefromheart.cafeblog.hu\/files\/2014\/06\/photo-23.jpg\"><img class=\"wp-image-130 aligncenter\" src=\"https:\/\/writefromheart.cafeblog.hu\/files\/2014\/06\/photo-23-225x300.jpg\" alt=\"photo 2\" width=\"191\" height=\"255\" \/><\/a><\/strong>\r\n<p style=\"text-align: center\"><strong><a href=\"https:\/\/writefromheart.cafeblog.hu\/files\/2014\/06\/photo-43.jpg\"><img class=\"alignnone  wp-image-131\" src=\"https:\/\/writefromheart.cafeblog.hu\/files\/2014\/06\/photo-43-225x300.jpg\" alt=\"photo 4\" width=\"191\" height=\"255\" \/><\/a><\/strong><\/p>\r\n<p style=\"text-align: center\"><strong>A neonk\u00e9k k\u00f6r\u00f6mlakk \u00f6r\u00f6m\u00e9re: Demi Lovato - Neon Lights ;)<\/strong><\/p>\r\n[embed]https:\/\/www.youtube.com\/watch?v=v9uDwppN5-w[\/embed]\r\n\r\n&nbsp;\r\n\r\n&nbsp;","type":"rich","thumbnail_url":"https:\/\/writefromheart.cafeblog.hu\/files\/2014\/06\/photo-2-12-150x150.jpg","thumbnail_width":150,"thumbnail_height":150}