{"version":"1.0","provider_name":"BabaNapl\u00f3","provider_url":"https:\/\/writefromheart.cafeblog.hu","author_name":"Jane T","author_url":"https:\/\/writefromheart.cafeblog.hu\/author\/jane_t\/","title":"Ezerarc\u00fa k\u00e9tsz\u00edn\u0171s\u00e9g","html":"Az emberek sokf\u00e9le tulajdons\u00e1ggal rendelkeznek. Van, amelyiket \u00f6r\u00f6klik, van amelyiket az \u00e9vek folyam\u00e1n \u00f6ltik magukra.\r\n\r\n[caption id=\"attachment_406\" align=\"alignright\" width=\"240\" class=\" \"]<a href=\"https:\/\/writefromheart.cafeblog.hu\/files\/2014\/11\/1-whi.jpg\"><img class=\"size-medium wp-image-406\" src=\"https:\/\/writefromheart.cafeblog.hu\/files\/2014\/11\/1-whi-240x300.jpg\" alt=\"WeHeartIt\" width=\"240\" height=\"300\" \/><\/a> WeHeartIt[\/caption]\r\n\r\nLehetnek ezek a tulajdons\u00e1gok j\u00f3k \u00e9s rosszak egyar\u00e1nt. \u00a0Ez a poszt nem b\u00edr\u00e1lat. Ez egyszer\u0171 t\u00e9nyen alapul \u00e9s azon az egyszer\u0171 kijelent\u00e9semen, hogy mennyire ut\u00e1lom a k\u00e9tsz\u00edn\u0171s\u00e9get. Szerintem valamennyi\u00fcnkben \u00e9l a k\u00e9p, hogy egy \"\u00e1ll\u00edt\u00f3lagos bar\u00e1t\" bar\u00e1tnak mondja mag\u00e1t, a szem\u00fcnkbe mosolyog, de a h\u00e1tunk m\u00f6g\u00f6tt bizony nem sz\u00e9peket mond r\u00f3lunk. Velem ez megt\u00f6rt\u00e9nt, s\u0151t megt\u00f6rt\u00e9nik minden egyes alkalommal, amikor Magyarorsz\u00e1gra j\u00f6v\u00f6k. Minden hazal\u00e1togat\u00e1som alkalm\u00e1val akad egy-k\u00e9t ember, aki a bar\u00e1tomnak mondja mag\u00e1t, de azt\u00e1n visszahallom, hogy miket mond r\u00f3lam, s\u0151t l\u00e1tom is a viselked\u00e9s\u00e9n, hogy valami nincs rendben, m\u00e9gis amikor megk\u00e9rdezem, hogy minden ok\u00e9, \u00e9s hogy van-e valami probl\u00e9m\u00e1ja velem, akkor a v\u00e1lasz a SEMMI. Ett\u0151l falra m\u00e1szok. Azt gondolom, hogyha valakinek valami probl\u00e9m\u00e1ja van velem, akkor ezt tisztess\u00e9gesen, kultur\u00e1lt emberek m\u00f3dj\u00e1ra meg lehet nekem mondani, \u00e9s nem fogom leharapni senkinek a fej\u00e9t. \u00c9n elviselem a kritik\u00e1t, a negat\u00edvat is (de ezt m\u00e1r \u00edrtam), viszont azt nem szeretem, ha valaki modortalanul k\u00f6zli velem, illetve azt m\u00e9g jobban ut\u00e1lom, ha a h\u00e1tam m\u00f6g\u00f6tt teszi, a szemembe meg mosolyog. A k\u00e9tsz\u00edn\u0171s\u00e9g nevets\u00e9gesebb v\u00e1ltozat\u00e1val is tal\u00e1lkoztam m\u00e1r, szint\u00e9n a k\u00f6rnyezetemben, amikor valaki sz\u00f3 szerint a h\u00e1tam m\u00f6g\u00f6tt besz\u00e9lt ki, rosszakat mondva r\u00f3lam, \u00fagy hogy \u00e9n ott \u00e1lltam m\u00f6g\u00f6tte, de nem vette \u00e9szre, \u00e9n meg hallgattam. Azt\u00e1n meg odaj\u00f6tt j\u00f3pofizni... hahaha. Nem is tudom, hogy ezt ink\u00e1bb viccesnek vagy sz\u00e1nalmasnak nevezzem. Lehet ezen gondolkodni, azt\u00e1n ki mit gondol.\r\n\r\n[caption id=\"attachment_407\" align=\"alignleft\" width=\"300\" class=\" \"]<a href=\"https:\/\/writefromheart.cafeblog.hu\/files\/2014\/11\/2-whi.jpg\"><img class=\"size-medium wp-image-407\" src=\"https:\/\/writefromheart.cafeblog.hu\/files\/2014\/11\/2-whi-300x194.jpg\" alt=\"WeHeartIt\" width=\"300\" height=\"194\" \/><\/a> WeHeartIt[\/caption]\r\n\r\n\u00c9n sem vagyok t\u00f6k\u00e9letes, viszont amit biztosan elmondhatok magamr\u00f3l, az az, hogy korrekt vagyok, \u00e9s a SZEM\u00c9BE mondom a m\u00e1siknak, ha valami probl\u00e9m\u00e1m van. Nem kertelek, mert nem vagyok kert\u00e9sz, sem fest\u0151, mert nekem el\u00e9g egy sz\u00edn, \u00e9n nem szeretn\u00e9k k\u00e9tsz\u00edn\u0171 lenni.\r\n\r\nMindenk\u00e9pp elmondhatom, hogy a k\u00e9tsz\u00edn\u0171s\u00e9gnek sok arca van, lehet ny\u00edlt, alattomos, de mindenk\u00e9pp sz\u00e1nalmas. Aki nem meri felv\u00e1llalni a v\u00e9lem\u00e9ny\u00e9t, az elgondolkodhat, hogy mi is az oka. Mert amint m\u00e1r mondtam, a v\u00e9lem\u00e9ny\u00fcnket tiszt\u00e1n, kultur\u00e1ltan, sz\u00e9pen is lehet k\u00f6z\u00f6lni. Ezzel sokkal szebb bizony\u00edtv\u00e1nyt \u00e1ll\u00edtunk ki magunkr\u00f3l, mintha alattomosan m\u00e1sok h\u00e1ta m\u00f6g\u00f6tt \"sunnyogjuk\" el a v\u00e9lem\u00e9ny\u00fcnket.","type":"rich","thumbnail_url":"https:\/\/writefromheart.cafeblog.hu\/files\/2014\/11\/1-whi-150x150.jpg","thumbnail_width":150,"thumbnail_height":150}